{"id":596,"date":"2016-10-20T13:10:48","date_gmt":"2016-10-20T11:10:48","guid":{"rendered":"http:\/\/www.xn--schtzen-bilk-flb.de\/?page_id=596"},"modified":"2026-07-23T17:42:24","modified_gmt":"2026-07-23T15:42:24","slug":"traeger-bilker-ehrenstern","status":"publish","type":"page","link":"https:\/\/www.schuetzen-bilk.de\/index.php\/traeger-bilker-ehrenstern\/","title":{"rendered":"Tr\u00e4ger des Bilker\u00a0Ehrensterns"},"content":{"rendered":"\n<p class=\"wp-block-paragraph\">Der\u00a0<strong>Bilker Ehrenstern<\/strong>\u00a0geh\u00f6rt zu den\u00a0h\u00f6chsten Auszeichnungen\u00a0unseres Sch\u00fctzenvereins. Mit ihm werden\u00a0Sch\u00fctzenschwestern und Sch\u00fctzenbr\u00fcder\u00a0geehrt, die sich\u00a0\u00fcber viele Jahre\u00a0in\u00a0besonderer Weise um\u00a0den Verein, das\u00a0Sch\u00fctzenwesen und die Pflege des Brauchtums\u00a0verdient gemacht\u00a0haben.<\/p>\n\n\n\n<p class=\"wp-block-paragraph\">Die Auszeichnung w\u00fcrdigt\u00a0au\u00dfergew\u00f6hnliches Engagement, langj\u00e4hrige ehrenamtliche T\u00e4tigkeit\u00a0sowie den unerm\u00fcdlichen\u00a0Einsatz f\u00fcr das\u00a0Vereinsleben. Die Tr\u00e4gerinnen\u00a0und Tr\u00e4ger des\u00a0Bilker Ehrensterns haben\u00a0die Geschichte unseres\u00a0Vereins nachhaltig gepr\u00e4gt und sind Vorbilder\u00a0f\u00fcr die nachfolgenden Generationen.<\/p>\n\n\n\n<p class=\"wp-block-paragraph\">Nachfolgend finden Sie\u00a0die bisher verliehenen\u00a0Bilker Ehrensterne in chronologischer Reihenfolge. Es gibt immer nur maximal 5 aktive Tr\u00e4ger des Ehrensterns. Das Symbol\u00a0<strong>\u2020<\/strong>\u00a0kennzeichnet bereits\u00a0verstorbene Ehrensterntr\u00e4ger.<\/p>\n\n\n\n<hr class=\"wp-block-separator has-alpha-channel-opacity\"\/>\n\n\n\n<h2 class=\"wp-block-heading\">Ehrensterntr\u00e4ger seit 1981<\/h2>\n\n\n\n<figure class=\"wp-block-table\"><table class=\"has-fixed-layout\"><thead><tr><th>Jahr<\/th><th>Name<\/th><th>Kompanie<\/th><th class=\"has-text-align-center\" data-align=\"center\">Hinweis<\/th><\/tr><\/thead><tbody><tr><td>2025<\/td><td>Bernd Obermeyer<\/td><td>Friedrichst\u00e4dter Reserve<\/td><td class=\"has-text-align-center\" data-align=\"center\"><\/td><\/tr><tr><td>2021<\/td><td>Ulrich M\u00fcller<\/td><td>1. Grenadiere<\/td><td class=\"has-text-align-center\" data-align=\"center\"><\/td><\/tr><tr><td>2018<\/td><td>Dieter Lorenz<\/td><td>Tambourcorps St. Martin<\/td><td class=\"has-text-align-center\" data-align=\"center\"><\/td><\/tr><tr><td>2014<\/td><td>Hans-Dieter Caspers<\/td><td>St. Martins-Kompanie<\/td><td class=\"has-text-align-center\" data-align=\"center\"><\/td><\/tr><tr><td>2007<\/td><td>Dieter K\u00f6nigs<\/td><td>Freisch\u00fctz<\/td><td class=\"has-text-align-center\" data-align=\"center\"><\/td><\/tr><tr><td>2006<\/td><td>Fritz Spinrad<\/td><td>Bilker Heimatfreunde<\/td><td class=\"has-text-align-center\" data-align=\"center\">\u2020<\/td><\/tr><tr><td>2002<\/td><td>Heinz Blum<\/td><td>von Hindenburg<\/td><td class=\"has-text-align-center\" data-align=\"center\">\u2020<\/td><\/tr><tr><td>2000<\/td><td>Heinz Hutmacher<\/td><td>Germania<\/td><td class=\"has-text-align-center\" data-align=\"center\">\u2020<\/td><\/tr><tr><td>1996<\/td><td>Franz Ketzer<\/td><td>Bilker Heimatfreunde<\/td><td class=\"has-text-align-center\" data-align=\"center\">\u2020<\/td><\/tr><tr><td>1992<\/td><td>Klaus-J\u00fcrgen Heinze<\/td><td>Germania<\/td><td class=\"has-text-align-center\" data-align=\"center\">\u2020<\/td><\/tr><tr><td>1988<\/td><td>Peter K\u00fcmpel<\/td><td>5. Sch\u00fctzen<\/td><td class=\"has-text-align-center\" data-align=\"center\">\u2020<\/td><\/tr><tr><td>1986<\/td><td>Willy G\u00f6rsch<\/td><td>1. Grenadiere<\/td><td class=\"has-text-align-center\" data-align=\"center\">\u2020<\/td><\/tr><tr><td>1982<\/td><td>Emil Schwamb<\/td><td>Freisch\u00fctz<\/td><td class=\"has-text-align-center\" data-align=\"center\">\u2020<\/td><\/tr><tr><td>1981<\/td><td>Hans Hofbauer<\/td><td>Reserve Bilk<\/td><td class=\"has-text-align-center\" data-align=\"center\">\u2020<\/td><\/tr><\/tbody><\/table><\/figure>\n\n\n\n<hr class=\"wp-block-separator has-alpha-channel-opacity\"\/>\n\n\n\n<h3 class=\"wp-block-heading\">Der Bilker Ehrenstern<\/h3>\n\n\n\n<p class=\"wp-block-paragraph\">Mit der Verleihung&nbsp;des Bilker Ehrensterns&nbsp;spricht der Verein&nbsp;seinen besonderen Dankund seine h\u00f6chste&nbsp;Anerkennung f\u00fcr&nbsp;herausragende Verdienste&nbsp;aus.&nbsp;Die Auszeichnung steht&nbsp;stellvertretend f\u00fcr jahrzehntelanges&nbsp;Engagement, gelebte Kameradschaft&nbsp;und die Bewahrung&nbsp;des Sch\u00fctzenbrauchtums.<\/p>\n\n\n\n<p class=\"wp-block-paragraph\">Die \u00dcbersicht wird&nbsp;regelm\u00e4\u00dfig erg\u00e4nzt, sobald&nbsp;weitere Ehrensterne verliehen werden.<\/p>\n\n\n\n<p class=\"wp-block-paragraph\"><\/p>\n","protected":false},"excerpt":{"rendered":"<p>Der\u00a0Bilker Ehrenstern\u00a0geh\u00f6rt zu den\u00a0h\u00f6chsten Auszeichnungen\u00a0unseres Sch\u00fctzenvereins. Mit ihm werden\u00a0Sch\u00fctzenschwestern und Sch\u00fctzenbr\u00fcder\u00a0geehrt, die sich\u00a0\u00fcber viele Jahre\u00a0in\u00a0besonderer Weise um\u00a0den Verein, das\u00a0Sch\u00fctzenwesen und die Pflege des Brauchtums\u00a0verdient gemacht\u00a0haben.<span class=\"more-link\"><a href=\"https:\/\/www.schuetzen-bilk.de\/index.php\/traeger-bilker-ehrenstern\/\">Mehr&#8230;<\/a><\/span><\/p>\n","protected":false},"author":1,"featured_media":0,"parent":0,"menu_order":0,"comment_status":"closed","ping_status":"closed","template":"","meta":{"footnotes":""},"class_list":["entry","author-sebastian-thoene","post-596","page","type-page","status-publish"],"_links":{"self":[{"href":"https:\/\/www.schuetzen-bilk.de\/index.php\/wp-json\/wp\/v2\/pages\/596","targetHints":{"allow":["GET"]}}],"collection":[{"href":"https:\/\/www.schuetzen-bilk.de\/index.php\/wp-json\/wp\/v2\/pages"}],"about":[{"href":"https:\/\/www.schuetzen-bilk.de\/index.php\/wp-json\/wp\/v2\/types\/page"}],"author":[{"embeddable":true,"href":"https:\/\/www.schuetzen-bilk.de\/index.php\/wp-json\/wp\/v2\/users\/1"}],"replies":[{"embeddable":true,"href":"https:\/\/www.schuetzen-bilk.de\/index.php\/wp-json\/wp\/v2\/comments?post=596"}],"version-history":[{"count":9,"href":"https:\/\/www.schuetzen-bilk.de\/index.php\/wp-json\/wp\/v2\/pages\/596\/revisions"}],"predecessor-version":[{"id":8631,"href":"https:\/\/www.schuetzen-bilk.de\/index.php\/wp-json\/wp\/v2\/pages\/596\/revisions\/8631"}],"wp:attachment":[{"href":"https:\/\/www.schuetzen-bilk.de\/index.php\/wp-json\/wp\/v2\/media?parent=596"}],"curies":[{"name":"wp","href":"https:\/\/api.w.org\/{rel}","templated":true}]}}